{"id":11,"date":"2020-07-25T11:29:27","date_gmt":"2020-07-25T11:29:27","guid":{"rendered":"http:\/\/doinahealthcare.ro\/?page_id=11"},"modified":"2021-05-20T07:44:50","modified_gmt":"2021-05-20T07:44:50","slug":"despre-noi","status":"publish","type":"page","link":"http:\/\/doinahealthcare.ro\/en\/despre-noi\/","title":{"rendered":"Despre noi"},"content":{"rendered":"<div data-elementor-type=\"wp-page\" data-elementor-id=\"11\" class=\"elementor elementor-11\" data-elementor-settings=\"[]\">\n\t\t\t\t\t\t<div class=\"elementor-inner\">\n\t\t\t\t\t\t\t<div class=\"elementor-section-wrap\">\n\t\t\t\t\t\t\t<section class=\"elementor-section elementor-top-section elementor-element elementor-element-a1b5e12 elementor-section-boxed elementor-section-height-default elementor-section-height-default\" data-id=\"a1b5e12\" data-element_type=\"section\">\n\t\t\t\t\t\t<div class=\"elementor-container elementor-column-gap-default\">\n\t\t\t\t\t\t\t<div class=\"elementor-row\">\n\t\t\t\t\t<div class=\"elementor-column elementor-col-100 elementor-top-column elementor-element elementor-element-bf5efe5\" data-id=\"bf5efe5\" data-element_type=\"column\">\n\t\t\t<div class=\"elementor-column-wrap elementor-element-populated\">\n\t\t\t\t\t\t\t<div class=\"elementor-widget-wrap\">\n\t\t\t\t\t\t<div class=\"elementor-element elementor-element-7bc0a8c elementor-widget elementor-widget-heading\" data-id=\"7bc0a8c\" data-element_type=\"widget\" data-widget_type=\"heading.default\">\n\t\t\t\t<div class=\"elementor-widget-container\">\n\t\t\t<h2 class=\"elementor-heading-title elementor-size-default\">Istoric<\/h2>\t\t<\/div>\n\t\t\t\t<\/div>\n\t\t\t\t<div class=\"elementor-element elementor-element-e4d68c5 elementor-widget elementor-widget-text-editor\" data-id=\"e4d68c5\" data-element_type=\"widget\" data-widget_type=\"text-editor.default\">\n\t\t\t\t<div class=\"elementor-widget-container\">\n\t\t\t\t\t\t\t\t<div class=\"elementor-text-editor elementor-clearfix\">\n\t\t\t\t\tActivitatea noastr\u0103 a \u00eenceput \u00een iulie 2009, sub forma unui cabinet individual de medicin\u0103 de familie, CMIMF Dr. Doina \u015euteu, prin preluarea praxisului CMIMF Dr. Rodica Miti\u015for. Treptat, num\u0103rul pacien\u0163ilor a crescut \u015fi ace\u015ftia au solicitat \u015fi furnizarea de servicii medicale suplimentare, pentru a r\u0103spunde nevoilor personale \u015fi a facilita accesul la acestea.\n\n\u00cen februarie 2013, s-a luat decizia schimb\u0103rii formei de organizare \u015fi \u00eenfiin\u0163area unei societ\u0103\u0163i comerciale cu r\u0103spundere limitat\u0103, Doina Healthcare SRL, care a \u00eenceput s\u0103 furnizeze servicii de asisten\u0163\u0103 medical\u0103 primar\u0103\/medicin\u0103 de familie \u00een contract cu Casa Jude\u0163ean\u0103 de Asigur\u0103ri de S\u0103n\u0103tate Bra\u015fov, \u00eencep\u00e2nd cu 1 martie 2013.\n\nDup\u0103 renov\u0103ri, amenaj\u0103ri \u015fi dot\u0103ri corespunz\u0103toare, care au durat mai bine de \u015fase luni, dup\u0103 \u00eencheierea de contracte cu speciali\u015fti din noi domenii medicale, s-a solicitat \u015fi ob\u0163inut de la Autoritatea de S\u0103n\u0103tate Public\u0103 Bra\u015fov autorizarea sanitar\u0103 de func\u0163ionare a Centrului Medical Dr. Doina \u015euteu, cu activit\u0103\u0163ile descrise in sec\u0163iunea Servicii medicale a acestui site \u015fi anume: Medicin\u0103 de famile, Reabilitare vestibular\u0103 (tratament pentru vertij), Homeopatie clinic\u0103, Acupunctur\u0103, Masaj medical, Reflexoterapie \u015fi Consulta\u0163ii \u015fi tratamente la domiciliu, \u00eencep\u00e2nd cu 4 noiembrie 2013.\n\nEste extrem de important de remarcat faptul c\u0103 suntem singurul centru medical din jude\u0163ul Bra\u015fov, care se ocup\u0103 \u00een mod special de tratamentul vertijului sub \u00eendrumarea atent\u0103 a unui ORL-ist de prestigiu, fondator al Societ\u0103\u0163ii Rom\u00e2ne de Otoneurologie, Dr. Luigi M\u0103rceanu, cu kinetoterapeut specializat \u00een domeniu.\t\t\t\t\t<\/div>\n\t\t\t\t\t\t<\/div>\n\t\t\t\t<\/div>\n\t\t\t\t\t\t<\/div>\n\t\t\t\t\t<\/div>\n\t\t<\/div>\n\t\t\t\t\t\t\t\t<\/div>\n\t\t\t\t\t<\/div>\n\t\t<\/section>\n\t\t\t\t<section class=\"elementor-section elementor-top-section elementor-element elementor-element-fe547b8 elementor-section-boxed elementor-section-height-default elementor-section-height-default\" data-id=\"fe547b8\" data-element_type=\"section\">\n\t\t\t\t\t\t<div class=\"elementor-container elementor-column-gap-default\">\n\t\t\t\t\t\t\t<div class=\"elementor-row\">\n\t\t\t\t\t<div class=\"elementor-column elementor-col-100 elementor-top-column elementor-element elementor-element-43e5d31\" data-id=\"43e5d31\" data-element_type=\"column\">\n\t\t\t<div class=\"elementor-column-wrap elementor-element-populated\">\n\t\t\t\t\t\t\t<div class=\"elementor-widget-wrap\">\n\t\t\t\t\t\t<div class=\"elementor-element elementor-element-612a95b elementor-widget elementor-widget-heading\" data-id=\"612a95b\" data-element_type=\"widget\" data-widget_type=\"heading.default\">\n\t\t\t\t<div class=\"elementor-widget-container\">\n\t\t\t<h2 class=\"elementor-heading-title elementor-size-default\">Amplasare<\/h2>\t\t<\/div>\n\t\t\t\t<\/div>\n\t\t\t\t\t\t<\/div>\n\t\t\t\t\t<\/div>\n\t\t<\/div>\n\t\t\t\t\t\t\t\t<\/div>\n\t\t\t\t\t<\/div>\n\t\t<\/section>\n\t\t\t\t<section class=\"elementor-section elementor-top-section elementor-element elementor-element-1a01ac8 elementor-section-boxed elementor-section-height-default elementor-section-height-default\" data-id=\"1a01ac8\" data-element_type=\"section\">\n\t\t\t\t\t\t<div class=\"elementor-container elementor-column-gap-default\">\n\t\t\t\t\t\t\t<div class=\"elementor-row\">\n\t\t\t\t\t<div class=\"elementor-column elementor-col-50 elementor-top-column elementor-element elementor-element-ba2112c\" data-id=\"ba2112c\" data-element_type=\"column\">\n\t\t\t<div class=\"elementor-column-wrap elementor-element-populated\">\n\t\t\t\t\t\t\t<div class=\"elementor-widget-wrap\">\n\t\t\t\t\t\t<div class=\"elementor-element elementor-element-b3c14c1 elementor-arrows-position-outside elementor-pagination-position-outside elementor-widget elementor-widget-image-carousel\" data-id=\"b3c14c1\" data-element_type=\"widget\" data-settings=\"{&quot;slides_to_show&quot;:&quot;1&quot;,&quot;navigation&quot;:&quot;both&quot;,&quot;autoplay&quot;:&quot;yes&quot;,&quot;pause_on_hover&quot;:&quot;yes&quot;,&quot;pause_on_interaction&quot;:&quot;yes&quot;,&quot;autoplay_speed&quot;:5000,&quot;infinite&quot;:&quot;yes&quot;,&quot;effect&quot;:&quot;slide&quot;,&quot;speed&quot;:500}\" data-widget_type=\"image-carousel.default\">\n\t\t\t\t<div class=\"elementor-widget-container\">\n\t\t\t\t\t<div class=\"elementor-image-carousel-wrapper swiper-container\" dir=\"ltr\">\n\t\t\t<div class=\"elementor-image-carousel swiper-wrapper\">\n\t\t\t\t<div class=\"swiper-slide\"><figure class=\"swiper-slide-inner\"><img class=\"swiper-slide-image\" src=\"http:\/\/doinahealthcare.ro\/wp-content\/uploads\/2020\/07\/Karacsoni-fatada-secundara.jpg\" alt=\"Karacsoni-fatada-secundara\" \/><\/figure><\/div><div class=\"swiper-slide\"><figure class=\"swiper-slide-inner\"><img class=\"swiper-slide-image\" src=\"http:\/\/doinahealthcare.ro\/wp-content\/uploads\/2020\/07\/Karacsoni-fatada-principala.jpg\" alt=\"Karacsoni-fatada-principala\" \/><\/figure><\/div><div class=\"swiper-slide\"><figure class=\"swiper-slide-inner\"><img class=\"swiper-slide-image\" src=\"http:\/\/doinahealthcare.ro\/wp-content\/uploads\/2020\/07\/734361_179321992269714_1030901865_n.jpg\" alt=\"734361_179321992269714_1030901865_n\" \/><\/figure><\/div><div class=\"swiper-slide\"><figure class=\"swiper-slide-inner\"><img class=\"swiper-slide-image\" src=\"http:\/\/doinahealthcare.ro\/wp-content\/uploads\/2020\/09\/IMG_2170-scaled.jpeg\" alt=\"IMG_2170\" \/><\/figure><\/div>\t\t\t<\/div>\n\t\t\t\t\t\t\t\t\t\t\t\t<div class=\"swiper-pagination\"><\/div>\n\t\t\t\t\t\t\t\t\t\t\t\t\t<div class=\"elementor-swiper-button elementor-swiper-button-prev\">\n\t\t\t\t\t\t<i class=\"eicon-chevron-left\" aria-hidden=\"true\"><\/i>\n\t\t\t\t\t\t<span class=\"elementor-screen-only\">Previous<\/span>\n\t\t\t\t\t<\/div>\n\t\t\t\t\t<div class=\"elementor-swiper-button elementor-swiper-button-next\">\n\t\t\t\t\t\t<i class=\"eicon-chevron-right\" aria-hidden=\"true\"><\/i>\n\t\t\t\t\t\t<span class=\"elementor-screen-only\">Next<\/span>\n\t\t\t\t\t<\/div>\n\t\t\t\t\t\t\t\t\t<\/div>\n\t\t\t\t<\/div>\n\t\t\t\t<\/div>\n\t\t\t\t\t\t<\/div>\n\t\t\t\t\t<\/div>\n\t\t<\/div>\n\t\t\t\t<div class=\"elementor-column elementor-col-50 elementor-top-column elementor-element elementor-element-09ecf55\" data-id=\"09ecf55\" data-element_type=\"column\">\n\t\t\t<div class=\"elementor-column-wrap elementor-element-populated\">\n\t\t\t\t\t\t\t<div class=\"elementor-widget-wrap\">\n\t\t\t\t\t\t<div class=\"elementor-element elementor-element-98ca342 elementor-widget elementor-widget-text-editor\" data-id=\"98ca342\" data-element_type=\"widget\" data-widget_type=\"text-editor.default\">\n\t\t\t\t<div class=\"elementor-widget-container\">\n\t\t\t\t\t\t\t\t<div class=\"elementor-text-editor elementor-clearfix\">\n\t\t\t\t\t<p>Centrul Medical Dr. Doina \u015euteu func\u0163ioneaz\u0103 \u00eentr-o cl\u0103dire din cartierul Blum\u0103na, pe Bulevardul 15 Noiembrie la num\u0103rul 46, peste drum de strada Gr\u0103dinarilor, poate cel mai reprezentativ monument de arhitectur\u0103, care poate fi salvat pentru Art Nouveau \u00een Bra\u015fov: Casa Kar\u00e1cson, construit\u0103 \u00een 1906.<\/p><div><span lang=\"RO\">\u00cen 2019, cu eforturi consistente, s-a reu\u0219it reabilitarea acoperi\u0219ului cl\u0103dirii, cu refacerea complet\u0103 ca structur\u0103 \u0219i \u00eenvelitoare a celor dou\u0103 turnuri de pe fa\u021bad\u0103 \u0219i cu \u00eenlocuirea \u0219arpantelor dinspre Nord \u0219i Vest. Este, sper\u0103m, un prim pas c\u0103tre punerea \u00een valoare a acestui important monument de arhitectur\u0103, care va continua cu refacerea fa\u021badelor.<\/span><\/div><p>\u00cen prezent s-au demarat, sub auspiciile Ordinului Arhitec\u0163ilor din Rom\u00e2nia, demersurile legate de \u00eentocmirea documenta\u0163iei pentru clasarea \u015fi \u00eenscrierea cl\u0103dirii \u00een Lista Monumentelor Istorice, ca monument de categoria B, de realizarea documenta\u0163iei de restaurare \u015fi, ulterior, de executarea lucr\u0103rilor de restaurare \u015fi conservare a acestui monument de arhitectur\u0103.<\/p><p>Este evident faptul c\u0103 arhitectura de patrimoniu nu reprezint\u0103 \u00een vremurile de ast\u0103zi o prioritate, pentru guvernan\u0163i \u015fi diriguitori locali, deopotriv\u0103. Cu at\u00e2t mai pu\u0163in \u00een Rom\u00e2nia un monument apar\u0163in\u00e2nd stilului 1900, susceptibil de a reprezenta o reverbera\u0163ie \u015fi un fin exemplu de Art Nouveau, la marginea Transilvaniei, \u00een plin centrul Bra\u015fovului. O cl\u0103dire Art Nouveau floral, cu cu toate ingredientele dense ale acestui stil, f\u0103r\u0103 a ajunge un melange kitsch.<\/p><p>Refacerea acestei cl\u0103diri, dup\u0103 toate regulile artei, ar \u00eensemna mai mult dec\u00e2t salvarea unei cl\u0103diri aflate \u00eentr-o stare deplorabil\u0103: ar putea fi semnalul c\u0103 \u015fi \u00een Bra\u015fov sunt recunoscute, asumate \u015fi conservate valori de patrimoniu reale, un exemplu de acest gen unic \u00eentr-un ora\u015f at\u00e2t de bine reprezentat c\u00e2ndva sub raportul expresivit\u0103\u0163ii edificiilor sale.<\/p>\t\t\t\t\t<\/div>\n\t\t\t\t\t\t<\/div>\n\t\t\t\t<\/div>\n\t\t\t\t\t\t<\/div>\n\t\t\t\t\t<\/div>\n\t\t<\/div>\n\t\t\t\t\t\t\t\t<\/div>\n\t\t\t\t\t<\/div>\n\t\t<\/section>\n\t\t\t\t<section class=\"elementor-section elementor-top-section elementor-element elementor-element-1cc9874 elementor-section-boxed elementor-section-height-default elementor-section-height-default\" data-id=\"1cc9874\" data-element_type=\"section\">\n\t\t\t\t\t\t<div class=\"elementor-container elementor-column-gap-default\">\n\t\t\t\t\t\t\t<div class=\"elementor-row\">\n\t\t\t\t\t<div class=\"elementor-column elementor-col-100 elementor-top-column elementor-element elementor-element-8e190b5\" data-id=\"8e190b5\" data-element_type=\"column\">\n\t\t\t<div class=\"elementor-column-wrap elementor-element-populated\">\n\t\t\t\t\t\t\t<div class=\"elementor-widget-wrap\">\n\t\t\t\t\t\t<div class=\"elementor-element elementor-element-8287c4e elementor-widget elementor-widget-heading\" data-id=\"8287c4e\" data-element_type=\"widget\" data-widget_type=\"heading.default\">\n\t\t\t\t<div class=\"elementor-widget-container\">\n\t\t\t<h2 class=\"elementor-heading-title elementor-size-default\">Perspective <\/h2>\t\t<\/div>\n\t\t\t\t<\/div>\n\t\t\t\t<div class=\"elementor-element elementor-element-6ef0978 elementor-widget elementor-widget-text-editor\" data-id=\"6ef0978\" data-element_type=\"widget\" data-widget_type=\"text-editor.default\">\n\t\t\t\t<div class=\"elementor-widget-container\">\n\t\t\t\t\t\t\t\t<div class=\"elementor-text-editor elementor-clearfix\">\n\t\t\t\t\tAvem \u00een vedere extinderea activit\u0103\u0163ii prin cooptarea de medici din alte specialit\u0103\u0163i medicale (\u00een mod prioritar cardiologie, ecografie, oftalmologie, kinetoterapie\/motricitate special\u0103 \u015fi fizioterapie). \u00cen egal\u0103 m\u0103sur\u0103 dorim s\u0103 facem, la sediul nostru, recoltare de s\u00e2nge pentru efectuarea de analize de laborator \u00een contract cu laboratoare mari din municipiul Bra\u015fov.\n\nO alt\u0103 direc\u0163ie de dezvoltare este reprezentat\u0103 de achizi\u015fionarea unui nou praxis de medicin\u0103 de familie \u015fi de \u00eenfiin\u0163area de noi sedii\/puncte de lucru pentru a veni \u00een \u00eent\u00e2mpinarea nevoilor pacien\u0163ilor, pentru a fi mai aproape de ace\u015ftia.  \n\t\t\t\t\t<\/div>\n\t\t\t\t\t\t<\/div>\n\t\t\t\t<\/div>\n\t\t\t\t<div class=\"elementor-element elementor-element-25b89c5 elementor-widget elementor-widget-heading\" data-id=\"25b89c5\" data-element_type=\"widget\" data-widget_type=\"heading.default\">\n\t\t\t\t<div class=\"elementor-widget-container\">\n\t\t\t<h2 class=\"elementor-heading-title elementor-size-default\">Personalul nostru<\/h2>\t\t<\/div>\n\t\t\t\t<\/div>\n\t\t\t\t<div class=\"elementor-element elementor-element-9c4d717 elementor-grid-3 elementor-grid-tablet-2 elementor-grid-mobile-1 eael-fg-hoverer-content-align-left elementor-widget elementor-widget-eael-filterable-gallery\" data-id=\"9c4d717\" data-element_type=\"widget\" data-settings=\"{&quot;columns&quot;:&quot;3&quot;,&quot;columns_tablet&quot;:&quot;2&quot;,&quot;columns_mobile&quot;:&quot;1&quot;,&quot;photo_gallery&quot;:&quot;yes&quot;,&quot;pagination&quot;:&quot;false&quot;}\" data-widget_type=\"eael-filterable-gallery.default\">\n\t\t\t\t<div class=\"elementor-widget-container\">\n\t\t\t        <div id=\"eael-filter-gallery-wrapper-9c4d717\" class=\"eael-filter-gallery-wrapper\" data-layout-mode=\"hoverer\" data-mfp_caption=\"\">\n            \n            \n            <div class=\"eael-filter-gallery-container eael-filter-gallery-grid\" data-images-per-page=\"\" data-total-gallery-items=\"4\" data-nomore-item-text=\"\" data-settings=\"{&quot;grid_style&quot;:&quot;grid&quot;,&quot;popup&quot;:&quot;buttons&quot;,&quot;duration&quot;:500,&quot;gallery_enabled&quot;:&quot;yes&quot;,&quot;post_id&quot;:11,&quot;widget_id&quot;:&quot;9c4d717&quot;}\" data-gallery-items=\"[&quot;&lt;div class=\\&quot;eael-filterable-gallery-item-wrap\\&quot;&gt;\\n\\t\\t\\t\\t&lt;div class=\\&quot;eael-gallery-grid-item\\&quot;&gt;&lt;div class=\\&quot;gallery-item-thumbnail-wrap\\&quot;&gt;&lt;img src=\\&quot;http:\\\/\\\/doinahealthcare.ro\\\/wp-content\\\/uploads\\\/2020\\\/09\\\/Asset-3.png\\&quot; data-lazy-src=\\&quot;http:\\\/\\\/doinahealthcare.ro\\\/wp-content\\\/uploads\\\/2020\\\/09\\\/Asset-3.png\\&quot; alt=\\&quot;\\&quot; class=\\&quot;gallery-item-thumbnail\\&quot;&gt;&lt;\\\/div&gt;&lt;div class=\\&quot;gallery-item-caption-wrap caption-style-hoverer eael-slide-up\\&quot;&gt;&lt;div class=\\&quot;gallery-item-hoverer-bg\\&quot;&gt;&lt;\\\/div&gt;&lt;div class=\\&quot;gallery-item-caption-over\\&quot;&gt;&lt;h5 class=\\&quot;fg-item-title\\&quot;&gt;Dr. Doina \\u0218uteu&lt;\\\/h5&gt;&lt;div class=\\&quot;fg-item-content\\&quot;&gt;&lt;p&gt;Medic primar medicin\\u0103 de familie, specialist \\u00een Estetic\\u0103 medical\\u0103, absolvent\\u0103 a Universit\\u0103\\u021bii de Medicin\\u0103 \\u0219i Farmacie \\u201eIuliu Ha\\u021bieganu\\u201d din Cluj-Napoca, masterat \\u00een Management \\u0219i Politici Sanitare.&lt;\\\/p&gt;\\n&lt;\\\/div&gt;&lt;div class=\\&quot;gallery-item-buttons\\&quot;&gt;&lt;\\\/div&gt;&lt;\\\/div&gt;&lt;\\\/div&gt;&lt;\\\/div&gt;&lt;\\\/div&gt;&quot;,&quot;&lt;div class=\\&quot;eael-filterable-gallery-item-wrap\\&quot;&gt;\\n\\t\\t\\t\\t&lt;div class=\\&quot;eael-gallery-grid-item\\&quot;&gt;&lt;div class=\\&quot;gallery-item-thumbnail-wrap\\&quot;&gt;&lt;img src=\\&quot;http:\\\/\\\/doinahealthcare.ro\\\/wp-content\\\/uploads\\\/2020\\\/09\\\/WhatsApp-Image-2020-09-14-at-15.14.29-1.png\\&quot; data-lazy-src=\\&quot;http:\\\/\\\/doinahealthcare.ro\\\/wp-content\\\/uploads\\\/2020\\\/09\\\/WhatsApp-Image-2020-09-14-at-15.14.29-1.png\\&quot; alt=\\&quot;\\&quot; class=\\&quot;gallery-item-thumbnail\\&quot;&gt;&lt;\\\/div&gt;&lt;div class=\\&quot;gallery-item-caption-wrap caption-style-hoverer eael-slide-up\\&quot;&gt;&lt;div class=\\&quot;gallery-item-hoverer-bg\\&quot;&gt;&lt;\\\/div&gt;&lt;div class=\\&quot;gallery-item-caption-over\\&quot;&gt;&lt;h5 class=\\&quot;fg-item-title\\&quot;&gt;Dr. Adrian Parpalea&lt;\\\/h5&gt;&lt;div class=\\&quot;fg-item-content\\&quot;&gt;&lt;p&gt;Medic specialist medicin\\u0103 de familie, absolvent a Universit\\u0103\\u021bii de Medicin\\u0103 \\u0219i Farmacie \\u201eCarol Davila\\u201d din Bucure\\u0219ti.&lt;\\\/p&gt;\\n&lt;\\\/div&gt;&lt;div class=\\&quot;gallery-item-buttons\\&quot;&gt;&lt;\\\/div&gt;&lt;\\\/div&gt;&lt;\\\/div&gt;&lt;\\\/div&gt;&lt;\\\/div&gt;&quot;,&quot;&lt;div class=\\&quot;eael-filterable-gallery-item-wrap\\&quot;&gt;\\n\\t\\t\\t\\t&lt;div class=\\&quot;eael-gallery-grid-item\\&quot;&gt;&lt;div class=\\&quot;gallery-item-thumbnail-wrap\\&quot;&gt;&lt;img src=\\&quot;http:\\\/\\\/doinahealthcare.ro\\\/wp-content\\\/uploads\\\/2020\\\/09\\\/Asset-3.png\\&quot; data-lazy-src=\\&quot;http:\\\/\\\/doinahealthcare.ro\\\/wp-content\\\/uploads\\\/2020\\\/09\\\/Asset-3.png\\&quot; alt=\\&quot;\\&quot; class=\\&quot;gallery-item-thumbnail\\&quot;&gt;&lt;\\\/div&gt;&lt;div class=\\&quot;gallery-item-caption-wrap caption-style-hoverer eael-slide-up\\&quot;&gt;&lt;div class=\\&quot;gallery-item-hoverer-bg\\&quot;&gt;&lt;\\\/div&gt;&lt;div class=\\&quot;gallery-item-caption-over\\&quot;&gt;&lt;h5 class=\\&quot;fg-item-title\\&quot;&gt;Jr. Horia Salc\\u0103&lt;\\\/h5&gt;&lt;div class=\\&quot;fg-item-content\\&quot;&gt;&lt;p&gt;Consilier juridic.&lt;\\\/p&gt;\\n&lt;\\\/div&gt;&lt;div class=\\&quot;gallery-item-buttons\\&quot;&gt;&lt;\\\/div&gt;&lt;\\\/div&gt;&lt;\\\/div&gt;&lt;\\\/div&gt;&lt;\\\/div&gt;&quot;,&quot;&lt;div class=\\&quot;eael-filterable-gallery-item-wrap\\&quot;&gt;\\n\\t\\t\\t\\t&lt;div class=\\&quot;eael-gallery-grid-item\\&quot;&gt;&lt;div class=\\&quot;gallery-item-thumbnail-wrap\\&quot;&gt;&lt;img src=\\&quot;http:\\\/\\\/doinahealthcare.ro\\\/wp-content\\\/uploads\\\/2021\\\/04\\\/cropped-WhatsApp-Image-2021-04-01-at-14.49.12.jpeg\\&quot; data-lazy-src=\\&quot;http:\\\/\\\/doinahealthcare.ro\\\/wp-content\\\/uploads\\\/2021\\\/04\\\/cropped-WhatsApp-Image-2021-04-01-at-14.49.12.jpeg\\&quot; alt=\\&quot;\\&quot; class=\\&quot;gallery-item-thumbnail\\&quot;&gt;&lt;\\\/div&gt;&lt;div class=\\&quot;gallery-item-caption-wrap caption-style-hoverer eael-slide-up\\&quot;&gt;&lt;div class=\\&quot;gallery-item-hoverer-bg\\&quot;&gt;&lt;\\\/div&gt;&lt;div class=\\&quot;gallery-item-caption-over\\&quot;&gt;&lt;h5 class=\\&quot;fg-item-title\\&quot;&gt;As.Adina Maria CLINCI&lt;\\\/h5&gt;&lt;div class=\\&quot;gallery-item-buttons\\&quot;&gt;&lt;\\\/div&gt;&lt;\\\/div&gt;&lt;\\\/div&gt;&lt;\\\/div&gt;&lt;\\\/div&gt;&quot;]\" data-init-show=\"6\">\n                <div class=\"eael-filterable-gallery-item-wrap\">\n\t\t\t\t<div class=\"eael-gallery-grid-item\"><div class=\"gallery-item-thumbnail-wrap\"><img src=\"http:\/\/doinahealthcare.ro\/wp-content\/uploads\/2020\/09\/Asset-3.png\" data-lazy-src=\"http:\/\/doinahealthcare.ro\/wp-content\/uploads\/2020\/09\/Asset-3.png\" alt=\"\" class=\"gallery-item-thumbnail\"><\/div><div class=\"gallery-item-caption-wrap caption-style-hoverer eael-slide-up\"><div class=\"gallery-item-hoverer-bg\"><\/div><div class=\"gallery-item-caption-over\"><h5 class=\"fg-item-title\">Dr. Doina \u0218uteu<\/h5><div class=\"fg-item-content\"><p>Medic primar medicin\u0103 de familie, specialist \u00een Estetic\u0103 medical\u0103, absolvent\u0103 a Universit\u0103\u021bii de Medicin\u0103 \u0219i Farmacie \u201eIuliu Ha\u021bieganu\u201d din Cluj-Napoca, masterat \u00een Management \u0219i Politici Sanitare.<\/p>\n<\/div><div class=\"gallery-item-buttons\"><\/div><\/div><\/div><\/div><\/div><div class=\"eael-filterable-gallery-item-wrap\">\n\t\t\t\t<div class=\"eael-gallery-grid-item\"><div class=\"gallery-item-thumbnail-wrap\"><img src=\"http:\/\/doinahealthcare.ro\/wp-content\/uploads\/2020\/09\/WhatsApp-Image-2020-09-14-at-15.14.29-1.png\" data-lazy-src=\"http:\/\/doinahealthcare.ro\/wp-content\/uploads\/2020\/09\/WhatsApp-Image-2020-09-14-at-15.14.29-1.png\" alt=\"\" class=\"gallery-item-thumbnail\"><\/div><div class=\"gallery-item-caption-wrap caption-style-hoverer eael-slide-up\"><div class=\"gallery-item-hoverer-bg\"><\/div><div class=\"gallery-item-caption-over\"><h5 class=\"fg-item-title\">Dr. Adrian Parpalea<\/h5><div class=\"fg-item-content\"><p>Medic specialist medicin\u0103 de familie, absolvent a Universit\u0103\u021bii de Medicin\u0103 \u0219i Farmacie \u201eCarol Davila\u201d din Bucure\u0219ti.<\/p>\n<\/div><div class=\"gallery-item-buttons\"><\/div><\/div><\/div><\/div><\/div><div class=\"eael-filterable-gallery-item-wrap\">\n\t\t\t\t<div class=\"eael-gallery-grid-item\"><div class=\"gallery-item-thumbnail-wrap\"><img src=\"http:\/\/doinahealthcare.ro\/wp-content\/uploads\/2020\/09\/Asset-3.png\" data-lazy-src=\"http:\/\/doinahealthcare.ro\/wp-content\/uploads\/2020\/09\/Asset-3.png\" alt=\"\" class=\"gallery-item-thumbnail\"><\/div><div class=\"gallery-item-caption-wrap caption-style-hoverer eael-slide-up\"><div class=\"gallery-item-hoverer-bg\"><\/div><div class=\"gallery-item-caption-over\"><h5 class=\"fg-item-title\">Jr. Horia Salc\u0103<\/h5><div class=\"fg-item-content\"><p>Consilier juridic.<\/p>\n<\/div><div class=\"gallery-item-buttons\"><\/div><\/div><\/div><\/div><\/div><div class=\"eael-filterable-gallery-item-wrap\">\n\t\t\t\t<div class=\"eael-gallery-grid-item\"><div class=\"gallery-item-thumbnail-wrap\"><img src=\"http:\/\/doinahealthcare.ro\/wp-content\/uploads\/2021\/04\/cropped-WhatsApp-Image-2021-04-01-at-14.49.12.jpeg\" data-lazy-src=\"http:\/\/doinahealthcare.ro\/wp-content\/uploads\/2021\/04\/cropped-WhatsApp-Image-2021-04-01-at-14.49.12.jpeg\" alt=\"\" class=\"gallery-item-thumbnail\"><\/div><div class=\"gallery-item-caption-wrap caption-style-hoverer eael-slide-up\"><div class=\"gallery-item-hoverer-bg\"><\/div><div class=\"gallery-item-caption-over\"><h5 class=\"fg-item-title\">As.Adina Maria CLINCI<\/h5><div class=\"gallery-item-buttons\"><\/div><\/div><\/div><\/div><\/div>            <\/div>\n            \n                    <\/div>\n        \n        \t\t<\/div>\n\t\t\t\t<\/div>\n\t\t\t\t\t\t<\/div>\n\t\t\t\t\t<\/div>\n\t\t<\/div>\n\t\t\t\t\t\t\t\t<\/div>\n\t\t\t\t\t<\/div>\n\t\t<\/section>\n\t\t\t\t\t\t<\/div>\n\t\t\t\t\t\t<\/div>\n\t\t\t\t\t<\/div>","protected":false},"excerpt":{"rendered":"<p>Istoric Activitatea noastr\u0103 a \u00eenceput \u00een iulie 2009, sub forma unui cabinet individual de medicin\u0103 de familie, CMIMF Dr. Doina \u015euteu, prin preluarea praxisului CMIMF Dr. Rodica Miti\u015for. Treptat, num\u0103rul pacien\u0163ilor a crescut \u015fi ace\u015ftia au solicitat \u015fi furnizarea de servicii medicale suplimentare, pentru a r\u0103spunde nevoilor personale \u015fi a facilita accesul la acestea. \u00cen&hellip; <br \/> <a class=\"read-more\" href=\"http:\/\/doinahealthcare.ro\/en\/despre-noi\/\">Read more<\/a><\/p>","protected":false},"author":1,"featured_media":0,"parent":0,"menu_order":0,"comment_status":"closed","ping_status":"closed","template":"","meta":[],"_links":{"self":[{"href":"http:\/\/doinahealthcare.ro\/en\/wp-json\/wp\/v2\/pages\/11"}],"collection":[{"href":"http:\/\/doinahealthcare.ro\/en\/wp-json\/wp\/v2\/pages"}],"about":[{"href":"http:\/\/doinahealthcare.ro\/en\/wp-json\/wp\/v2\/types\/page"}],"author":[{"embeddable":true,"href":"http:\/\/doinahealthcare.ro\/en\/wp-json\/wp\/v2\/users\/1"}],"replies":[{"embeddable":true,"href":"http:\/\/doinahealthcare.ro\/en\/wp-json\/wp\/v2\/comments?post=11"}],"version-history":[{"count":12,"href":"http:\/\/doinahealthcare.ro\/en\/wp-json\/wp\/v2\/pages\/11\/revisions"}],"predecessor-version":[{"id":264,"href":"http:\/\/doinahealthcare.ro\/en\/wp-json\/wp\/v2\/pages\/11\/revisions\/264"}],"wp:attachment":[{"href":"http:\/\/doinahealthcare.ro\/en\/wp-json\/wp\/v2\/media?parent=11"}],"curies":[{"name":"wp","href":"https:\/\/api.w.org\/{rel}","templated":true}]}}